{"id":1798,"date":"2025-04-06T16:27:03","date_gmt":"2025-04-06T19:27:03","guid":{"rendered":"https:\/\/siteswebsa.com.br\/useche\/?page_id=1798"},"modified":"2025-08-29T13:03:20","modified_gmt":"2025-08-29T16:03:20","slug":"publicacoes-textos","status":"publish","type":"page","link":"https:\/\/siteswebsa.com.br\/useche\/pedro\/publicacoes-textos\/","title":{"rendered":"Publica\u00e7\u00f5es, textos"},"content":{"rendered":"\t\t<div data-elementor-type=\"wp-page\" data-elementor-id=\"1798\" class=\"elementor elementor-1798\">\n\t\t\t\t<div class=\"elementor-element elementor-element-8b4f8ee e-flex e-con-boxed wpr-particle-no wpr-jarallax-no wpr-parallax-no wpr-sticky-section-no wpr-equal-height-no e-con e-parent\" data-id=\"8b4f8ee\" data-element_type=\"container\" data-e-type=\"container\">\n\t\t\t\t\t<div class=\"e-con-inner\">\n\t\t<div class=\"elementor-element elementor-element-e9595c3 e-con-full e-flex wpr-particle-no wpr-jarallax-no wpr-parallax-no wpr-sticky-section-no wpr-equal-height-no e-con e-child\" data-id=\"e9595c3\" data-element_type=\"container\" data-e-type=\"container\">\n\t\t\t\t<div class=\"elementor-element elementor-element-8239174 elementor-widget elementor-widget-heading\" data-id=\"8239174\" data-element_type=\"widget\" data-e-type=\"widget\" data-widget_type=\"heading.default\">\n\t\t\t\t<div class=\"elementor-widget-container\">\n\t\t\t\t\t<h2 class=\"elementor-heading-title elementor-size-default\">Pedro Useche<\/h2>\t\t\t\t<\/div>\n\t\t\t\t<\/div>\n\t\t\t\t<div class=\"elementor-element elementor-element-dfabb0e elementor-widget elementor-widget-text-editor\" data-id=\"dfabb0e\" data-element_type=\"widget\" data-e-type=\"widget\" data-widget_type=\"text-editor.default\">\n\t\t\t\t<div class=\"elementor-widget-container\">\n\t\t\t\t\t\t\t\t\t<p>Pedro tornou-se a partir da d\u00e9cada de 90 um dos maiores nomes do design nacional. Possui v\u00e1rias premia\u00e7\u00f5es e participa\u00e7\u00f5es em algumas importantes mostras de design no mundo, como a Feira Internacional de M\u00f3veis de Mil\u00e3o, Bienal de Design na Fran\u00e7a, em Saint-Etienne, no Brasil, em 3 Bienais nacionais de design, no Instituto Tomie Ohtake e no Museu da Casa Brasileira.<\/p>\t\t\t\t\t\t\t\t<\/div>\n\t\t\t\t<\/div>\n\t\t<div class=\"elementor-element elementor-element-d40869b e-con-full e-flex wpr-particle-no wpr-jarallax-no wpr-parallax-no wpr-sticky-section-no wpr-equal-height-no e-con e-child\" data-id=\"d40869b\" data-element_type=\"container\" data-e-type=\"container\">\n\t\t\t\t<div class=\"elementor-element elementor-element-79e772f elementor-align-center elementor-widget elementor-widget-button\" data-id=\"79e772f\" data-element_type=\"widget\" data-e-type=\"widget\" data-widget_type=\"button.default\">\n\t\t\t\t<div class=\"elementor-widget-container\">\n\t\t\t\t\t\t\t\t\t<div class=\"elementor-button-wrapper\">\n\t\t\t\t\t<a class=\"elementor-button elementor-button-link elementor-size-sm\" href=\"https:\/\/siteswebsa.com.br\/useche\/pedro\/publicacoes\/\">\n\t\t\t\t\t\t<span class=\"elementor-button-content-wrapper\">\n\t\t\t\t\t\t\t\t\t<span class=\"elementor-button-text\">clipping<\/span>\n\t\t\t\t\t<\/span>\n\t\t\t\t\t<\/a>\n\t\t\t\t<\/div>\n\t\t\t\t\t\t\t\t<\/div>\n\t\t\t\t<\/div>\n\t\t\t\t<div class=\"elementor-element elementor-element-f37746d elementor-align-center elementor-widget elementor-widget-button\" data-id=\"f37746d\" data-element_type=\"widget\" data-e-type=\"widget\" data-widget_type=\"button.default\">\n\t\t\t\t<div class=\"elementor-widget-container\">\n\t\t\t\t\t\t\t\t\t<div class=\"elementor-button-wrapper\">\n\t\t\t\t\t<a class=\"elementor-button elementor-button-link elementor-size-sm\" href=\"https:\/\/siteswebsa.com.br\/useche\/pedro\/publicacoes-textos\/\">\n\t\t\t\t\t\t<span class=\"elementor-button-content-wrapper\">\n\t\t\t\t\t\t\t\t\t<span class=\"elementor-button-text\">textos<\/span>\n\t\t\t\t\t<\/span>\n\t\t\t\t\t<\/a>\n\t\t\t\t<\/div>\n\t\t\t\t\t\t\t\t<\/div>\n\t\t\t\t<\/div>\n\t\t\t\t<\/div>\n\t\t\t\t<\/div>\n\t\t<div class=\"elementor-element elementor-element-ab0dd39 e-con-full elementor-hidden-mobile e-flex wpr-particle-no wpr-jarallax-no wpr-parallax-no wpr-sticky-section-no wpr-equal-height-no e-con e-child\" data-id=\"ab0dd39\" data-element_type=\"container\" data-e-type=\"container\">\n\t\t<div class=\"elementor-element elementor-element-4952873 e-grid e-con-full wpr-particle-no wpr-jarallax-no wpr-parallax-no wpr-sticky-section-no wpr-equal-height-no e-con e-child\" data-id=\"4952873\" data-element_type=\"container\" data-e-type=\"container\">\n\t\t\t\t<div class=\"elementor-element elementor-element-3051f0c elementor-align-center elementor-widget elementor-widget-button\" data-id=\"3051f0c\" data-element_type=\"widget\" data-e-type=\"widget\" data-widget_type=\"button.default\">\n\t\t\t\t<div class=\"elementor-widget-container\">\n\t\t\t\t\t\t\t\t\t<div class=\"elementor-button-wrapper\">\n\t\t\t\t\t<a class=\"elementor-button elementor-button-link elementor-size-sm\" href=\"https:\/\/siteswebsa.com.br\/useche\/pedro\/processo-criativo\/\">\n\t\t\t\t\t\t<span class=\"elementor-button-content-wrapper\">\n\t\t\t\t\t\t\t\t\t<span class=\"elementor-button-text\">PROCESSO CRIATIVO<\/span>\n\t\t\t\t\t<\/span>\n\t\t\t\t\t<\/a>\n\t\t\t\t<\/div>\n\t\t\t\t\t\t\t\t<\/div>\n\t\t\t\t<\/div>\n\t\t\t\t<div class=\"elementor-element elementor-element-5952724 elementor-align-center elementor-widget elementor-widget-button\" data-id=\"5952724\" data-element_type=\"widget\" data-e-type=\"widget\" data-widget_type=\"button.default\">\n\t\t\t\t<div class=\"elementor-widget-container\">\n\t\t\t\t\t\t\t\t\t<div class=\"elementor-button-wrapper\">\n\t\t\t\t\t<a class=\"elementor-button elementor-button-link elementor-size-sm\" href=\"https:\/\/siteswebsa.com.br\/useche\/pedro\/linha-do-tempo\/\">\n\t\t\t\t\t\t<span class=\"elementor-button-content-wrapper\">\n\t\t\t\t\t\t\t\t\t<span class=\"elementor-button-text\">LINHA DO TEMPO<\/span>\n\t\t\t\t\t<\/span>\n\t\t\t\t\t<\/a>\n\t\t\t\t<\/div>\n\t\t\t\t\t\t\t\t<\/div>\n\t\t\t\t<\/div>\n\t\t\t\t<div class=\"elementor-element elementor-element-0a2354c elementor-align-center elementor-widget elementor-widget-button\" data-id=\"0a2354c\" data-element_type=\"widget\" data-e-type=\"widget\" data-widget_type=\"button.default\">\n\t\t\t\t<div class=\"elementor-widget-container\">\n\t\t\t\t\t\t\t\t\t<div class=\"elementor-button-wrapper\">\n\t\t\t\t\t<a class=\"elementor-button elementor-button-link elementor-size-sm\" href=\"https:\/\/siteswebsa.com.br\/useche\/pedro\/exposicoes\/\">\n\t\t\t\t\t\t<span class=\"elementor-button-content-wrapper\">\n\t\t\t\t\t\t\t\t\t<span class=\"elementor-button-text\">EXPOSI\u00c7\u00d5ES<\/span>\n\t\t\t\t\t<\/span>\n\t\t\t\t\t<\/a>\n\t\t\t\t<\/div>\n\t\t\t\t\t\t\t\t<\/div>\n\t\t\t\t<\/div>\n\t\t\t\t<div class=\"elementor-element elementor-element-eee0717 elementor-align-center elementor-widget elementor-widget-button\" data-id=\"eee0717\" data-element_type=\"widget\" data-e-type=\"widget\" data-widget_type=\"button.default\">\n\t\t\t\t<div class=\"elementor-widget-container\">\n\t\t\t\t\t\t\t\t\t<div class=\"elementor-button-wrapper\">\n\t\t\t\t\t<a class=\"elementor-button elementor-button-link elementor-size-sm\" href=\"https:\/\/siteswebsa.com.br\/useche\/pedro\/trajetoria\/\">\n\t\t\t\t\t\t<span class=\"elementor-button-content-wrapper\">\n\t\t\t\t\t\t\t\t\t<span class=\"elementor-button-text\">TRAJET\u00d3RIA<\/span>\n\t\t\t\t\t<\/span>\n\t\t\t\t\t<\/a>\n\t\t\t\t<\/div>\n\t\t\t\t\t\t\t\t<\/div>\n\t\t\t\t<\/div>\n\t\t\t\t<\/div>\n\t\t\t\t<\/div>\n\t\t\t\t\t<\/div>\n\t\t\t\t<\/div>\n\t\t<div class=\"elementor-element elementor-element-95177d2 e-flex e-con-boxed wpr-particle-no wpr-jarallax-no wpr-parallax-no wpr-sticky-section-no wpr-equal-height-no e-con e-parent\" data-id=\"95177d2\" data-element_type=\"container\" data-e-type=\"container\">\n\t\t\t\t\t<div class=\"e-con-inner\">\n\t\t<div class=\"elementor-element elementor-element-10e1ff1 e-con-full e-flex wpr-particle-no wpr-jarallax-no wpr-parallax-no wpr-sticky-section-no wpr-equal-height-no e-con e-child\" data-id=\"10e1ff1\" data-element_type=\"container\" data-e-type=\"container\">\n\t\t\t\t<div class=\"elementor-element elementor-element-09a1bcd elementor-widget elementor-widget-eael-adv-accordion\" data-id=\"09a1bcd\" data-element_type=\"widget\" data-e-type=\"widget\" data-widget_type=\"eael-adv-accordion.default\">\n\t\t\t\t<div class=\"elementor-widget-container\">\n\t\t\t\t\t            <div class=\"eael-adv-accordion\" id=\"eael-adv-accordion-09a1bcd\" data-scroll-on-click=\"no\" data-scroll-speed=\"300\" data-accordion-id=\"09a1bcd\" data-accordion-type=\"accordion\" data-toogle-speed=\"300\">\n            <div class=\"eael-accordion-list\">\n\t\t\t\t\t<div id=\"26022013-rvore-generosa-ethel-leon\" class=\"elementor-tab-title eael-accordion-header\" tabindex=\"0\" data-tab=\"1\" aria-controls=\"elementor-tab-content-1001\"><span class=\"eael-accordion-tab-title\">26.02.2013 \u2022 \u00c1rvore Generosa, Ethel Leon<\/span><svg aria-hidden=\"true\" class=\"fa-toggle e-font-icon-svg e-fas-angle-right\" viewBox=\"0 0 256 512\" xmlns=\"http:\/\/www.w3.org\/2000\/svg\"><path d=\"M224.3 273l-136 136c-9.4 9.4-24.6 9.4-33.9 0l-22.6-22.6c-9.4-9.4-9.4-24.6 0-33.9l96.4-96.4-96.4-96.4c-9.4-9.4-9.4-24.6 0-33.9L54.3 103c9.4-9.4 24.6-9.4 33.9 0l136 136c9.5 9.4 9.5 24.6.1 34z\"><\/path><\/svg><\/div><div id=\"elementor-tab-content-1001\" class=\"eael-accordion-content clearfix\" data-tab=\"1\" aria-labelledby=\"26022013-rvore-generosa-ethel-leon\"><p>O designer Pedro Useche est\u00e1 para lan\u00e7ar, em conjunto com a empresa Taedda, um objeto cativante: o cabideiro chamado \u00c1rvore Generosa, que ser\u00e1 vendido desmontado em componentes.<\/p><p>Projetada para usar uma placa de pinus certificado, cortada em seu aproveitamento m\u00e1ximo, a \u00c1rvore tem montagem f\u00e1cil, exigindo apenas uma chave de fenda. Dois tipos de parafusos e duas cavilhas s\u00e3o os elementos de liga\u00e7\u00e3o entre as partes. A expectative \u00e9 que os compradores fa\u00e7am a montagem com facilidade.<\/p><p>O cabideiro tem forma final que guarda os princ\u00edpios que a geraram: os recortes, a estrutura em quebra-cabe\u00e7as, uma marcenaria simplificada e tamb\u00e9m uma alus\u00e3o antropom\u00f3rfica. Talvez lembre um pouco os esquemas de Bruno Munari em seus ensinamentos para desenhar \u00e1rvores, uma estrutura central que se abre em galhos.<\/p><p>Aqui s\u00e3o galhos inteligentes, m\u00e3os francesas que repetem o desenho dos p\u00e9s, bandejas que se sobrep\u00f5em, orif\u00edcios que permitem usos diversos. O antropom\u00f3rfico a que me refiro n\u00e3o \u00e9 daqueles de mimetizar silhuetas humanas, mas o de perceber os objetos como nossas pr\u00f3teses.<\/p><p>No projeto de Pedro Useche confrontam-se passado e presente de forma curiosa. Os mancebos tradicionais acomodam roupas e acess\u00f3rios. Esse cabide \u00e9 sugestivamente mais \u2018multitarefas\u2019, como indicam as necessidades do cotidiano contempor\u00e2neo. \u00c9 um m\u00f3vel de apoio para as tantas coisas que nos acompanham na vida di\u00e1ria, de celulares a escritos, de barras de cereais a \u00f3culos, vitaminas, copos, chaves e cart\u00f5es. O provis\u00f3rio, antes restrito a meia d\u00fazia de itens, marcava o fora e o dentro de casa. Era apenas apoio para chap\u00e9us, guarda-chuvas, cachec\u00f3is, casacos&#8230;<\/p><p>Agora, a vida cotidiana tem maior lastro de provisoriedade, e essa fugacidade ganhou ares de perman\u00eancia. Nossa vida \u00e9 permanentemente provis\u00f3ria; n\u00e3o marcamos compromissos com anteced\u00eancia sem confirm\u00e1-los v\u00e1rias vezes nos \u00faltimos instantes&#8230;<\/p><p>Acumulamos tarefas sempre em atraso. E \u00e9 para essas jornadas exaustivas e prec\u00e1rias que a \u00c1rvore de Useche foi projetada. No entanto, o fato de ser produzido com esta placa de pinus maci\u00e7o, os recortes da madeira em formatos da marcenaria tradicional (embora o corte seja feito a laser) nos faz perceb\u00ea-lo como um m\u00f3vel de estima\u00e7\u00e3o, antigo, s\u00f3lido. Da\u00ed a estranha curiosidade que provoca. N\u00e3o \u00e9 daqueles m\u00f3veis que, readaptados para novas fun\u00e7\u00f5es, guardam na casca a lembran\u00e7a do que j\u00e1 foram, como geladeiras antigas transformadas em bares, ba\u00fas que viram bancos e outros tipos de arranjos que decoradores fazem em nome da conserva\u00e7\u00e3o de uma mem\u00f3ria perdida.<\/p><p>A \u00c1rvore \u00e9 claramente contempor\u00e2nea, mas o projeto soube tirar partido desse sabor de passado que o pinus e a marcenaria simples imprimem.<\/p><p>O nome \u00c1rvore Generosa foi sugerido pelo livro infantil do mesmo nome, do grande cartunista Shel Silverstein.<\/p><p><em><strong>Ethel Leon, 26.02.2013<\/strong><\/em><\/p><\/div>\n\t\t\t\t\t<\/div><\/div>\t\t\t\t<\/div>\n\t\t\t\t<\/div>\n\t\t\t\t<div class=\"elementor-element elementor-element-fb77b8d elementor-widget elementor-widget-eael-adv-accordion\" data-id=\"fb77b8d\" data-element_type=\"widget\" data-e-type=\"widget\" data-widget_type=\"eael-adv-accordion.default\">\n\t\t\t\t<div class=\"elementor-widget-container\">\n\t\t\t\t\t            <div class=\"eael-adv-accordion\" id=\"eael-adv-accordion-fb77b8d\" data-scroll-on-click=\"no\" data-scroll-speed=\"300\" data-accordion-id=\"fb77b8d\" data-accordion-type=\"accordion\" data-toogle-speed=\"300\">\n            <div class=\"eael-accordion-list\">\n\t\t\t\t\t<div id=\"20102012-banquinho-arepitas-ethel-leon\" class=\"elementor-tab-title eael-accordion-header\" tabindex=\"0\" data-tab=\"1\" aria-controls=\"elementor-tab-content-2631\"><span class=\"eael-accordion-tab-title\">20.10.2012 \u2022 Banquinho Arepitas, Ethel Leon<\/span><svg aria-hidden=\"true\" class=\"fa-toggle e-font-icon-svg e-fas-angle-right\" viewBox=\"0 0 256 512\" xmlns=\"http:\/\/www.w3.org\/2000\/svg\"><path d=\"M224.3 273l-136 136c-9.4 9.4-24.6 9.4-33.9 0l-22.6-22.6c-9.4-9.4-9.4-24.6 0-33.9l96.4-96.4-96.4-96.4c-9.4-9.4-9.4-24.6 0-33.9L54.3 103c9.4-9.4 24.6-9.4 33.9 0l136 136c9.5 9.4 9.5 24.6.1 34z\"><\/path><\/svg><\/div><div id=\"elementor-tab-content-2631\" class=\"eael-accordion-content clearfix\" data-tab=\"1\" aria-labelledby=\"20102012-banquinho-arepitas-ethel-leon\"><div>O designer Pedro Useche revisita sua pr\u00f3pria produ\u00e7\u00e3o. No come\u00e7o de suas atividades, sua concep\u00e7\u00e3o de m\u00f3veis era quase escultural, sem qualquer preocupa\u00e7\u00e3o com economia de custos e outras restri\u00e7\u00f5es pr\u00f3prias do design industrial.<\/div><div>\u00a0<\/div><div>Agora, com muitos anos de pr\u00e1tica e a vis\u00e3o do design na ind\u00fastria, ele volta a suas formas de anos atr\u00e1s e as refaz, com a expertise de quem j\u00e1 domina o mundo das grandes s\u00e9ries.<\/div><div>\u00a0<\/div><div>\u00c9 o caso recente do banquinho Arepitas. Useche comenta: \u201cA proposta do encosto da minha primeira cadeira, a Mulher, com a diferen\u00e7a que os discos t\u00eam movimento pelo uso de an\u00e9is de borracha (utilizados em amortecedores de carro) entre os discos e a estrutura met\u00e1lica.\u201d\u00a0 O processo de constru\u00e7\u00e3o \u00e9 eficiente, com corte a laser, dobra na prensa e madeira torneada.<\/div><div>\u00a0<\/div><div>Convidativo, com o assento em tr\u00eas discos, a redondeza repetida tamb\u00e9m nos p\u00e9s maci\u00e7os e a estrutura met\u00e1lica quase como uma ossatura que sustenta os \u2018m\u00fasculos\u2019, o banco \u00e9 org\u00e2nico, n\u00e3o porque arredondado, mas porque \u00e9 quase um negativo, contraforma do nosso corpo.<\/div><div>\u00a0<\/div><div>Arepitas, ali\u00e1s, s\u00e3o bolinhos feitos de farinha de milho, muito populares na Venezuela, onde nasceu Useche. Se na cadeira Mulher, o corpo era o mote do desenho, na perspectiva surrealista, no banquinho, o corpo n\u00e3o \u00e9 o tema, mas o motivo.<\/div><div>\u00a0<\/div><div>Ao contr\u00e1rio de tantos designers que gostariam de entrar nos museus e ganharem aura de artistas, Useche faz o caminho contr\u00e1rio, em favor da produ\u00e7\u00e3o massiva e de qualidade.<\/div><div>\u00a0<\/div><div><em><strong>Ethel Leon, 20.10.2012<\/strong><\/em><\/div><div>\u00a0<\/div><div><em>Fonte: Agitprop &#8211; Revista Brasileira de Design<\/em><\/div><\/div>\n\t\t\t\t\t<\/div><\/div>\t\t\t\t<\/div>\n\t\t\t\t<\/div>\n\t\t\t\t<\/div>\n\t\t<div class=\"elementor-element elementor-element-0409c55 e-con-full e-flex wpr-particle-no wpr-jarallax-no wpr-parallax-no wpr-sticky-section-no wpr-equal-height-no e-con e-child\" data-id=\"0409c55\" data-element_type=\"container\" data-e-type=\"container\">\n\t\t\t\t<div class=\"elementor-element elementor-element-b88d9ea elementor-widget elementor-widget-eael-adv-accordion\" data-id=\"b88d9ea\" data-element_type=\"widget\" data-e-type=\"widget\" data-widget_type=\"eael-adv-accordion.default\">\n\t\t\t\t<div class=\"elementor-widget-container\">\n\t\t\t\t\t            <div class=\"eael-adv-accordion\" id=\"eael-adv-accordion-b88d9ea\" data-scroll-on-click=\"no\" data-scroll-speed=\"300\" data-accordion-id=\"b88d9ea\" data-accordion-type=\"accordion\" data-toogle-speed=\"300\">\n            <div class=\"eael-accordion-list\">\n\t\t\t\t\t<div id=\"20122005-pedro-useche-ethel-leon\" class=\"elementor-tab-title eael-accordion-header\" tabindex=\"0\" data-tab=\"1\" aria-controls=\"elementor-tab-content-1931\"><span class=\"eael-accordion-tab-title\">20.12.2005 \u2022 Pedro Useche, Ethel Leon<\/span><svg aria-hidden=\"true\" class=\"fa-toggle e-font-icon-svg e-fas-angle-right\" viewBox=\"0 0 256 512\" xmlns=\"http:\/\/www.w3.org\/2000\/svg\"><path d=\"M224.3 273l-136 136c-9.4 9.4-24.6 9.4-33.9 0l-22.6-22.6c-9.4-9.4-9.4-24.6 0-33.9l96.4-96.4-96.4-96.4c-9.4-9.4-9.4-24.6 0-33.9L54.3 103c9.4-9.4 24.6-9.4 33.9 0l136 136c9.5 9.4 9.5 24.6.1 34z\"><\/path><\/svg><\/div><div id=\"elementor-tab-content-1931\" class=\"eael-accordion-content clearfix\" data-tab=\"1\" aria-labelledby=\"20122005-pedro-useche-ethel-leon\"><div>Pedro Useche formou-se arquiteto na Universidade Central de Caracas, Venezuela. No Brasil desde 1984, come\u00e7ou a projetar e produzir, em uma pequena oficina, m\u00f3veis com acabamentos diversos e muito emprego de solda, como a cadeira Mulher, sua primeira cria\u00e7\u00e3o reconhecida publicamente. A necessidade de estocar componentes tornaram-no, mais tarde, um expert em projetos feitos para grande produ\u00e7\u00e3o. M\u00f3veis como a linha Flexus e a cadeira 20R reduzem ao m\u00ednimo os materiais, explorando sua resist\u00eancia. A 20R tem ripas de apenas 3mm de espessura, suporta o peso de uma pessoa e ganha movimento, adaptando-se ao corpo com conforto. A PacMan tem sua estrutura feita de MDF, material muito utilizado para revestimentos.<\/div><div>\u00a0<\/div><div>Pr\u00eamios (o primeiro lugar, em 1998, no Pr\u00eamio Museu da Casa Brasileira com o revisteiro Eixo 7) e mostras v\u00eam se sucedendo e a loja pr\u00f3pria no Morumbi &#8211; cujo projeto arquitet\u00f4nico \u00e9 assinado por Useche &#8211; parece pequena para abrigar mais de duzentos itens, entre estantes, cadeiras, mesas, aparadores e pequenos objetos como candelabros e bandejas. Um de seus projetos, a cadeira Costela, foi vendida com exclusividade para a rede de joalherias H. Stern. Ao reduzir componentes e custos, o designer foi descoberto por grandes empresas. A linha TAK de cadeira e bancos foi comercializada pela rede de varejo Tok &amp; Stok.<\/div><div>\u00a0<\/div><div><em><strong>Ethel Leon, 20.12.2005<\/strong><\/em><\/div><div>\u00a0<\/div><div><em>Fonte: Design Brasileiro &#8211; quem fez, quem faz &#8211; Editora Senac<\/em><\/div><p>\u00a0<\/p><\/div>\n\t\t\t\t\t<\/div><\/div>\t\t\t\t<\/div>\n\t\t\t\t<\/div>\n\t\t\t\t<div class=\"elementor-element elementor-element-04fbc5a elementor-widget elementor-widget-eael-adv-accordion\" data-id=\"04fbc5a\" data-element_type=\"widget\" data-e-type=\"widget\" data-widget_type=\"eael-adv-accordion.default\">\n\t\t\t\t<div class=\"elementor-widget-container\">\n\t\t\t\t\t            <div class=\"eael-adv-accordion\" id=\"eael-adv-accordion-04fbc5a\" data-scroll-on-click=\"no\" data-scroll-speed=\"300\" data-accordion-id=\"04fbc5a\" data-accordion-type=\"accordion\" data-toogle-speed=\"300\">\n            <div class=\"eael-accordion-list\">\n\t\t\t\t\t<div id=\"012003-desconstruindo-srgio-rodrigues-evelise-grunow\" class=\"elementor-tab-title eael-accordion-header\" tabindex=\"0\" data-tab=\"1\" aria-controls=\"elementor-tab-content-5221\"><span class=\"eael-accordion-tab-title\">01.2003 \u2022 Desconstruindo S\u00e9rgio Rodrigues, Evelise Grunow<\/span><svg aria-hidden=\"true\" class=\"fa-toggle e-font-icon-svg e-fas-angle-right\" viewBox=\"0 0 256 512\" xmlns=\"http:\/\/www.w3.org\/2000\/svg\"><path d=\"M224.3 273l-136 136c-9.4 9.4-24.6 9.4-33.9 0l-22.6-22.6c-9.4-9.4-9.4-24.6 0-33.9l96.4-96.4-96.4-96.4c-9.4-9.4-9.4-24.6 0-33.9L54.3 103c9.4-9.4 24.6-9.4 33.9 0l136 136c9.5 9.4 9.5 24.6.1 34z\"><\/path><\/svg><\/div><div id=\"elementor-tab-content-5221\" class=\"eael-accordion-content clearfix\" data-tab=\"1\" aria-labelledby=\"012003-desconstruindo-srgio-rodrigues-evelise-grunow\"><p>Um enorme ex\u00e9rcito de oper\u00e1rios-designers espalha-se pelo pa\u00eds, carregando varia\u00e7\u00f5es dos componentes da poltrona Mole, a primeira pe\u00e7a criada por S\u00e9rgio Rodrigues em 1958 que conquistou, em 1961, o primeiro lugar no Concurso Internacional do M\u00f3vel em Mil\u00e3o, It\u00e1lia, pr\u00eamio at\u00e9 ent\u00e3o nunca recebido por um brasileiro.<\/p><p>Pedro Useche, da Useche M\u00f3veis, decomp\u00f4s para PROJETO DESIGN a mais famosa poltrona de Rodrigues e criou, com o mesmo equil\u00edbrio e for\u00e7a est\u00e9tica marcantes, desenhos que mostram a personalidade individual dos elementos que a comp\u00f5em: p\u00e9s torneados de madeira, executados em encaixes de pinos; bra\u00e7os robustos e soltos; o assento do tipo almofad\u00e3o, produzido nos dois lados.<\/p><p>Nos tra\u00e7os l\u00fadicos de Useche, a \u201cpoltrona que n\u00e3o foi mole\u201d &#8211; maratona segundo frase do arquiteto Ott\u00f3 Stupakoff, para quem Rodrigues conquistou lugar de honra na cena do design internacional &#8211; \u00e9 a imagem da poltrona Mole em um campo de batalha, onde o ex\u00e9rcito da balan\u00e7a inst\u00e1vel, mas firme, a cadeira de balan\u00e7o reinterpretada em couro, e um guerreiro an\u00f4nimo defendem a vitoriosa poltrona, s\u00edmbolo da identidade cultural brasileira.<\/p><p>O desconstrutivismo de Useche revela os elementos que, na sua multiplicidade, formam um conjunto coeso, esteticamente forte e estruturalmente bem resolvido: \u00e9 um exerc\u00edcio de cria\u00e7\u00e3o que refor\u00e7a a consist\u00eancia do desenho original de S\u00e9rgio Rodrigues, em que cada elemento se transforma em unidade e, ao mesmo tempo, em parte essencial de um todo que forma uma estrutura \u00fanica, com car\u00e1ter simb\u00f3lico.<\/p><p>A desconstru\u00e7\u00e3o, ao mesmo tempo que preserva a ess\u00eancia do projeto e o espa\u00e7o denso das salas de televis\u00e3o, d\u00e1, ao mesmo, m\u00e1gicas poltronas aladas.<\/p><p><em><strong>Evelise Grunow, <\/strong>Editora Executiva, Revista Projeto<\/em><\/p><p><em>Fonte: Revista Projeto n.275<\/em><\/p><\/div>\n\t\t\t\t\t<\/div><\/div>\t\t\t\t<\/div>\n\t\t\t\t<\/div>\n\t\t\t\t<\/div>\n\t\t\t\t\t<\/div>\n\t\t\t\t<\/div>\n\t\t\t\t<\/div>\n\t\t","protected":false},"excerpt":{"rendered":"<p>Pedro Useche Pedro tornou-se a partir da d\u00e9cada de 90 um dos maiores nomes do design nacional. Possui v\u00e1rias premia\u00e7\u00f5es e participa\u00e7\u00f5es em algumas importantes mostras de design no mundo, como a Feira Internacional de M\u00f3veis de Mil\u00e3o, Bienal de Design na Fran\u00e7a, em Saint-Etienne, no Brasil, em 3 Bienais nacionais de design, no Instituto Tomie Ohtake e no Museu da Casa Brasileira. clipping textos PROCESSO CRIATIVO LINHA DO TEMPO EXPOSI\u00c7\u00d5ES TRAJET\u00d3RIA 26.02.2013 \u2022 \u00c1rvore Generosa, Ethel Leon O designer Pedro Useche est\u00e1 para lan\u00e7ar, em conjunto com a empresa Taedda, um objeto cativante: o cabideiro chamado \u00c1rvore Generosa, que ser\u00e1 vendido desmontado em componentes. Projetada para usar uma placa de pinus certificado, cortada em seu aproveitamento m\u00e1ximo, a \u00c1rvore tem montagem f\u00e1cil, exigindo apenas uma chave de fenda. Dois tipos de parafusos e duas cavilhas s\u00e3o os elementos de liga\u00e7\u00e3o entre as partes. A expectative \u00e9 que os compradores fa\u00e7am a montagem com facilidade. O cabideiro tem forma final que guarda os princ\u00edpios que a geraram: os recortes, a estrutura em quebra-cabe\u00e7as, uma marcenaria simplificada e tamb\u00e9m uma alus\u00e3o antropom\u00f3rfica. Talvez lembre um pouco os esquemas de Bruno Munari em seus ensinamentos para desenhar \u00e1rvores, uma estrutura central que se abre em galhos. Aqui s\u00e3o galhos inteligentes, m\u00e3os francesas que repetem o desenho dos p\u00e9s, bandejas que se sobrep\u00f5em, orif\u00edcios que permitem usos diversos. O antropom\u00f3rfico a que me refiro n\u00e3o \u00e9 daqueles de mimetizar silhuetas humanas, mas o de perceber os objetos como nossas pr\u00f3teses. No projeto de Pedro Useche confrontam-se passado e presente de forma curiosa. Os mancebos tradicionais acomodam roupas e acess\u00f3rios. Esse cabide \u00e9 sugestivamente mais \u2018multitarefas\u2019, como indicam as necessidades do cotidiano contempor\u00e2neo. \u00c9 um m\u00f3vel de apoio para as tantas coisas que nos acompanham na vida di\u00e1ria, de celulares a escritos, de barras de cereais a \u00f3culos, vitaminas, copos, chaves e cart\u00f5es. O provis\u00f3rio, antes restrito a meia d\u00fazia de itens, marcava o fora e o dentro de casa. Era apenas apoio para chap\u00e9us, guarda-chuvas, cachec\u00f3is, casacos&#8230; Agora, a vida cotidiana tem maior lastro de provisoriedade, e essa fugacidade ganhou ares de perman\u00eancia. Nossa vida \u00e9 permanentemente provis\u00f3ria; n\u00e3o marcamos compromissos com anteced\u00eancia sem confirm\u00e1-los v\u00e1rias vezes nos \u00faltimos instantes&#8230; Acumulamos tarefas sempre em atraso. E \u00e9 para essas jornadas exaustivas e prec\u00e1rias que a \u00c1rvore de Useche foi projetada. No entanto, o fato de ser produzido com esta placa de pinus maci\u00e7o, os recortes da madeira em formatos da marcenaria tradicional (embora o corte seja feito a laser) nos faz perceb\u00ea-lo como um m\u00f3vel de estima\u00e7\u00e3o, antigo, s\u00f3lido. Da\u00ed a estranha curiosidade que provoca. N\u00e3o \u00e9 daqueles m\u00f3veis que, readaptados para novas fun\u00e7\u00f5es, guardam na casca a lembran\u00e7a do que j\u00e1 foram, como geladeiras antigas transformadas em bares, ba\u00fas que viram bancos e outros tipos de arranjos que decoradores fazem em nome da conserva\u00e7\u00e3o de uma mem\u00f3ria perdida. A \u00c1rvore \u00e9 claramente contempor\u00e2nea, mas o projeto soube tirar partido desse sabor de passado que o pinus e a marcenaria simples imprimem. O nome \u00c1rvore Generosa foi sugerido pelo livro infantil do mesmo nome, do grande cartunista Shel Silverstein. Ethel Leon, 26.02.2013 20.10.2012 \u2022 Banquinho Arepitas, Ethel LeonO designer Pedro Useche revisita sua pr\u00f3pria produ\u00e7\u00e3o. No come\u00e7o de suas atividades, sua concep\u00e7\u00e3o de m\u00f3veis era quase escultural, sem qualquer preocupa\u00e7\u00e3o com economia de custos e outras restri\u00e7\u00f5es pr\u00f3prias do design industrial.\u00a0Agora, com muitos anos de pr\u00e1tica e a vis\u00e3o do design na ind\u00fastria, ele volta a suas formas de anos atr\u00e1s e as refaz, com a expertise de quem j\u00e1 domina o mundo das grandes s\u00e9ries.\u00a0\u00c9 o caso recente do banquinho Arepitas. Useche comenta: \u201cA proposta do encosto da minha primeira cadeira, a Mulher, com a diferen\u00e7a que os discos t\u00eam movimento pelo uso de an\u00e9is de borracha (utilizados em amortecedores de carro) entre os discos e a estrutura met\u00e1lica.\u201d\u00a0 O processo de constru\u00e7\u00e3o \u00e9 eficiente, com corte a laser, dobra na prensa e madeira torneada.\u00a0Convidativo, com o assento em tr\u00eas discos, a redondeza repetida tamb\u00e9m nos p\u00e9s maci\u00e7os e a estrutura met\u00e1lica quase como uma ossatura que sustenta os \u2018m\u00fasculos\u2019, o banco \u00e9 org\u00e2nico, n\u00e3o porque arredondado, mas porque \u00e9 quase um negativo, contraforma do nosso corpo.\u00a0Arepitas, ali\u00e1s, s\u00e3o bolinhos feitos de farinha de milho, muito populares na Venezuela, onde nasceu Useche. Se na cadeira Mulher, o corpo era o mote do desenho, na perspectiva surrealista, no banquinho, o corpo n\u00e3o \u00e9 o tema, mas o motivo.\u00a0Ao contr\u00e1rio de tantos designers que gostariam de entrar nos museus e ganharem aura de artistas, Useche faz o caminho contr\u00e1rio, em favor da produ\u00e7\u00e3o massiva e de qualidade.\u00a0Ethel Leon, 20.10.2012\u00a0Fonte: Agitprop &#8211; Revista Brasileira de Design 20.12.2005 \u2022 Pedro Useche, Ethel LeonPedro Useche formou-se arquiteto na Universidade Central de Caracas, Venezuela. No Brasil desde 1984, come\u00e7ou a projetar e produzir, em uma pequena oficina, m\u00f3veis com acabamentos diversos e muito emprego de solda, como a cadeira Mulher, sua primeira cria\u00e7\u00e3o reconhecida publicamente. A necessidade de estocar componentes tornaram-no, mais tarde, um expert em projetos feitos para grande produ\u00e7\u00e3o. M\u00f3veis como a linha Flexus e a cadeira 20R reduzem ao m\u00ednimo os materiais, explorando sua resist\u00eancia. A 20R tem ripas de apenas 3mm de espessura, suporta o peso de uma pessoa e ganha movimento, adaptando-se ao corpo com conforto. A PacMan tem sua estrutura feita de MDF, material muito utilizado para revestimentos.\u00a0Pr\u00eamios (o primeiro lugar, em 1998, no Pr\u00eamio Museu da Casa Brasileira com o revisteiro Eixo 7) e mostras v\u00eam se sucedendo e a loja pr\u00f3pria no Morumbi &#8211; cujo projeto arquitet\u00f4nico \u00e9 assinado por Useche &#8211; parece pequena para abrigar mais de duzentos itens, entre estantes, cadeiras, mesas, aparadores e pequenos objetos como candelabros e bandejas. Um de seus projetos, a cadeira Costela, foi vendida com exclusividade para a rede de joalherias H. Stern. Ao reduzir componentes e custos, o designer foi descoberto por grandes empresas. A linha TAK de cadeira e bancos foi comercializada pela rede de varejo Tok &amp; Stok.\u00a0Ethel Leon, 20.12.2005\u00a0Fonte: Design Brasileiro &#8211; quem fez, quem faz &#8211; Editora<\/p>\n","protected":false},"author":1,"featured_media":0,"parent":72,"menu_order":0,"comment_status":"closed","ping_status":"closed","template":"elementor_header_footer","meta":{"footnotes":""},"class_list":["post-1798","page","type-page","status-publish","hentry"],"_links":{"self":[{"href":"https:\/\/siteswebsa.com.br\/useche\/wp-json\/wp\/v2\/pages\/1798","targetHints":{"allow":["GET"]}}],"collection":[{"href":"https:\/\/siteswebsa.com.br\/useche\/wp-json\/wp\/v2\/pages"}],"about":[{"href":"https:\/\/siteswebsa.com.br\/useche\/wp-json\/wp\/v2\/types\/page"}],"author":[{"embeddable":true,"href":"https:\/\/siteswebsa.com.br\/useche\/wp-json\/wp\/v2\/users\/1"}],"replies":[{"embeddable":true,"href":"https:\/\/siteswebsa.com.br\/useche\/wp-json\/wp\/v2\/comments?post=1798"}],"version-history":[{"count":0,"href":"https:\/\/siteswebsa.com.br\/useche\/wp-json\/wp\/v2\/pages\/1798\/revisions"}],"up":[{"embeddable":true,"href":"https:\/\/siteswebsa.com.br\/useche\/wp-json\/wp\/v2\/pages\/72"}],"wp:attachment":[{"href":"https:\/\/siteswebsa.com.br\/useche\/wp-json\/wp\/v2\/media?parent=1798"}],"curies":[{"name":"wp","href":"https:\/\/api.w.org\/{rel}","templated":true}]}}